{"id":338,"date":"2022-02-03T14:38:58","date_gmt":"2022-02-03T13:38:58","guid":{"rendered":"https:\/\/hotelduprintemps.fr\/new\/chambres\/"},"modified":"2022-09-16T17:25:30","modified_gmt":"2022-09-16T15:25:30","slug":"rooms","status":"publish","type":"page","link":"https:\/\/www.hotelduprintemps.fr\/en\/rooms\/","title":{"rendered":"chambres"},"content":{"rendered":"\n\t<section class=\"section\" id=\"section_769805525\">\n\t\t<div class=\"bg section-bg fill bg-fill  \" >\n\n\t\t\t\n\t\t\t\n\t\t\t\n\n\t\t<\/div>\n\n\t\t<div class=\"section-content relative\">\n\t\t\t\n\n<h3 style=\"text-align: center; font-size:28px;; font-weight:lighter; padding-top:30px;\">The rooms<\/h3>\n\n\t\t<\/div>\n\n\t\t\n<style>\n#section_769805525 {\n  padding-top: 30px;\n  padding-bottom: 30px;\n  min-height: 200px;\n}\n#section_769805525 .section-bg.bg-loaded {\n  background-image: url(https:\/\/www.hotelduprintemps.fr\/wp-content\/uploads\/2021\/12\/bg-rooms-hotel-du-printemps.jpg);\n}\n<\/style>\n\t<\/section>\n\t\n\t<section class=\"section\" id=\"section_264161962\">\n\t\t<div class=\"bg section-bg fill bg-fill  bg-loaded\" >\n\n\t\t\t\n\t\t\t\n\t\t\t\n\n\t\t<\/div>\n\n\t\t<div class=\"section-content relative\">\n\t\t\t\n\n<div class=\"row\"  id=\"row-848099795\">\n\n\n\t<div id=\"col-310761893\" class=\"col small-12 large-12\"  >\n\t\t\t\t<div class=\"col-inner\"  >\n\t\t\t\n\t\t\t\n\n<p>The Hotel du Printemps offers you 64 style bedrooms, air-conditioned, sound-proof and fully equipped with television, direct phone line, mini-bar, free and secure WI-FI access.<\/p>\n\n\t\t<\/div>\n\t\t\t\t\t<\/div>\n\n\t\n\n\t<div id=\"col-849687943\" class=\"col medium-6 small-6 large-6\"  data-animate=\"fadeInUp\">\n\t\t\t\t<div class=\"col-inner\"  >\n\t\t\t\n\t\t\t\n\n\t<div class=\"box has-hover   has-hover box-shadow-3 box-text-bottom\" >\n\n\t\t<div class=\"box-image\" >\n\t\t\t<a href=\"https:\/\/hotelduprintemps.fr\/en\/superior-rooms\/\"  >\t\t\t<div class=\"image-zoom-long image-cover\" style=\"padding-top:56.25%;\">\n\t\t\t\t<img decoding=\"async\" width=\"300\" height=\"200\" src=\"https:\/\/www.hotelduprintemps.fr\/wp-content\/uploads\/2021\/12\/chambre-superieure-hotel-du-printemps-paris-300x200.jpg\" class=\"attachment-medium size-medium\" alt=\"Chambre sup\u00e9rieure H\u00f4tel du Printemps Paris\" srcset=\"https:\/\/www.hotelduprintemps.fr\/wp-content\/uploads\/2021\/12\/chambre-superieure-hotel-du-printemps-paris-300x200.jpg 300w, https:\/\/www.hotelduprintemps.fr\/wp-content\/uploads\/2021\/12\/chambre-superieure-hotel-du-printemps-paris-1024x683.jpg 1024w, https:\/\/www.hotelduprintemps.fr\/wp-content\/uploads\/2021\/12\/chambre-superieure-hotel-du-printemps-paris-768x512.jpg 768w, https:\/\/www.hotelduprintemps.fr\/wp-content\/uploads\/2021\/12\/chambre-superieure-hotel-du-printemps-paris.jpg 1500w\" sizes=\"(max-width: 300px) 100vw, 300px\" \/>\t\t\t\t\t\t\t\t\t\t\t<\/div>\n\t\t\t<\/a>\t\t<\/div>\n\n\t\t<div class=\"box-text text-center\" >\n\t\t\t<div class=\"box-text-inner\">\n\t\t\t\t\n\n<h4 style=\"font-size:20px;\">Superior<\/h4>\n<a href=\"https:\/\/hotelduprintemps.fr\/en\/superior-rooms\/\" target=\"_self\" class=\"button primary is-underline lowercase\"  >\n    <span>More details<\/span>\n  <\/a>\n\n\n\n\t\t\t<\/div>\n\t\t<\/div>\n\t<\/div>\n\t\n\n\t\t<\/div>\n\t\t\t\t\t<\/div>\n\n\t\n\n\t<div id=\"col-712133763\" class=\"col medium-6 small-6 large-6\"  data-animate=\"fadeInDown\">\n\t\t\t\t<div class=\"col-inner\"  >\n\t\t\t\n\t\t\t\n\n\t<div class=\"box has-hover   has-hover box-shadow-3 box-text-bottom\" >\n\n\t\t<div class=\"box-image\" >\n\t\t\t<a href=\"https:\/\/hotelduprintemps.fr\/en\/standard-rooms\/\"  >\t\t\t<div class=\"image-zoom-long image-cover\" style=\"padding-top:56.25%;\">\n\t\t\t\t<img decoding=\"async\" width=\"300\" height=\"200\" src=\"https:\/\/www.hotelduprintemps.fr\/wp-content\/uploads\/2021\/12\/chambre-standard-hotel-du-printemps-paris-300x200.jpg\" class=\"attachment-medium size-medium\" alt=\"\" srcset=\"https:\/\/www.hotelduprintemps.fr\/wp-content\/uploads\/2021\/12\/chambre-standard-hotel-du-printemps-paris-300x200.jpg 300w, https:\/\/www.hotelduprintemps.fr\/wp-content\/uploads\/2021\/12\/chambre-standard-hotel-du-printemps-paris-1024x683.jpg 1024w, https:\/\/www.hotelduprintemps.fr\/wp-content\/uploads\/2021\/12\/chambre-standard-hotel-du-printemps-paris-768x512.jpg 768w, https:\/\/www.hotelduprintemps.fr\/wp-content\/uploads\/2021\/12\/chambre-standard-hotel-du-printemps-paris.jpg 1200w\" sizes=\"(max-width: 300px) 100vw, 300px\" \/>\t\t\t\t\t\t\t\t\t\t\t<\/div>\n\t\t\t<\/a>\t\t<\/div>\n\n\t\t<div class=\"box-text text-center\" >\n\t\t\t<div class=\"box-text-inner\">\n\t\t\t\t\n\n<h4 style=\"font-size:20px;\">Standard<\/h4>\n<a href=\"https:\/\/hotelduprintemps.fr\/en\/standard-rooms\/\" target=\"_self\" class=\"button primary is-underline lowercase\"  >\n    <span>More details<\/span>\n  <\/a>\n\n\n\n\t\t\t<\/div>\n\t\t<\/div>\n\t<\/div>\n\t\n\n\t\t<\/div>\n\t\t\t\t\t<\/div>\n\n\t\n\n\t<div id=\"col-1602752074\" class=\"col medium-6 small-6 large-6\"  data-animate=\"fadeInDown\">\n\t\t\t\t<div class=\"col-inner\"  >\n\t\t\t\n\t\t\t\n\n\t<div class=\"box has-hover   has-hover box-shadow-3 box-text-bottom\" >\n\n\t\t<div class=\"box-image\" >\n\t\t\t<a href=\"https:\/\/hotelduprintemps.fr\/en\/economic-rooms\/\"  >\t\t\t<div class=\"image-zoom-long image-cover\" style=\"padding-top:56.25%;\">\n\t\t\t\t<img decoding=\"async\" width=\"300\" height=\"200\" src=\"https:\/\/www.hotelduprintemps.fr\/wp-content\/uploads\/2021\/12\/chambre-economique-hotel-du-printemps-paris-300x200.jpg\" class=\"attachment-medium size-medium\" alt=\"Chambre \u00e9conomique H\u00f4tel du Printemps Paris\" srcset=\"https:\/\/www.hotelduprintemps.fr\/wp-content\/uploads\/2021\/12\/chambre-economique-hotel-du-printemps-paris-300x200.jpg 300w, https:\/\/www.hotelduprintemps.fr\/wp-content\/uploads\/2021\/12\/chambre-economique-hotel-du-printemps-paris-1024x683.jpg 1024w, https:\/\/www.hotelduprintemps.fr\/wp-content\/uploads\/2021\/12\/chambre-economique-hotel-du-printemps-paris-768x512.jpg 768w, https:\/\/www.hotelduprintemps.fr\/wp-content\/uploads\/2021\/12\/chambre-economique-hotel-du-printemps-paris.jpg 1200w\" sizes=\"(max-width: 300px) 100vw, 300px\" \/>\t\t\t\t\t\t\t\t\t\t\t<\/div>\n\t\t\t<\/a>\t\t<\/div>\n\n\t\t<div class=\"box-text text-center\" >\n\t\t\t<div class=\"box-text-inner\">\n\t\t\t\t\n\n<h4 style=\"font-size:20px;\">Economic<\/h4>\n<a href=\"https:\/\/hotelduprintemps.fr\/en\/economic-rooms\/\" target=\"_self\" class=\"button primary is-underline lowercase\"  >\n    <span>More details<\/span>\n  <\/a>\n\n\n\n\t\t\t<\/div>\n\t\t<\/div>\n\t<\/div>\n\t\n\n\t\t<\/div>\n\t\t\t\t\t<\/div>\n\n\t\n\n\t<div id=\"col-2129769369\" class=\"col medium-6 small-6 large-6\"  data-animate=\"fadeInUp\">\n\t\t\t\t<div class=\"col-inner\"  >\n\t\t\t\n\t\t\t\n\n\t<div class=\"box has-hover   has-hover box-shadow-3 box-text-bottom\" >\n\n\t\t<div class=\"box-image\" >\n\t\t\t<a href=\"https:\/\/hotelduprintemps.fr\/en\/single-rooms\/\"  >\t\t\t<div class=\"image-zoom-long image-cover\" style=\"padding-top:56.25%;\">\n\t\t\t\t<img decoding=\"async\" width=\"300\" height=\"200\" src=\"https:\/\/www.hotelduprintemps.fr\/wp-content\/uploads\/2021\/12\/chambre-simple-hotel-du-printemps-paris-300x200.jpg\" class=\"attachment-medium size-medium\" alt=\"Chambre simple H\u00f4tel du Printemps Paris\" srcset=\"https:\/\/www.hotelduprintemps.fr\/wp-content\/uploads\/2021\/12\/chambre-simple-hotel-du-printemps-paris-300x200.jpg 300w, https:\/\/www.hotelduprintemps.fr\/wp-content\/uploads\/2021\/12\/chambre-simple-hotel-du-printemps-paris-1024x683.jpg 1024w, https:\/\/www.hotelduprintemps.fr\/wp-content\/uploads\/2021\/12\/chambre-simple-hotel-du-printemps-paris-768x512.jpg 768w, https:\/\/www.hotelduprintemps.fr\/wp-content\/uploads\/2021\/12\/chambre-simple-hotel-du-printemps-paris.jpg 1200w\" sizes=\"(max-width: 300px) 100vw, 300px\" \/>\t\t\t\t\t\t\t\t\t\t\t<\/div>\n\t\t\t<\/a>\t\t<\/div>\n\n\t\t<div class=\"box-text text-center\" >\n\t\t\t<div class=\"box-text-inner\">\n\t\t\t\t\n\n<h4 style=\"font-size:20px;\">Single<\/h4>\n<a href=\"https:\/\/hotelduprintemps.fr\/en\/single-rooms\/\" target=\"_self\" class=\"button primary is-underline lowercase\"  >\n    <span>More details<\/span>\n  <\/a>\n\n\n\n\t\t\t<\/div>\n\t\t<\/div>\n\t<\/div>\n\t\n\n\t\t<\/div>\n\t\t\t\t\t<\/div>\n\n\t\n\n<\/div>\n\n\t\t<\/div>\n\n\t\t\n<style>\n#section_264161962 {\n  padding-top: 30px;\n  padding-bottom: 30px;\n}\n<\/style>\n\t<\/section>\n\t\n\t<section class=\"section\" id=\"section_862549411\">\n\t\t<div class=\"bg section-bg fill bg-fill  \" >\n\n\t\t\t\n\t\t\t\n\t\t\t\n\n\t\t<\/div>\n\n\t\t<div class=\"section-content relative\">\n\t\t\t\n\n<h3 style=\"text-align: center; font-size:28px;; font-weight:lighter; padding-top:30px;\">Breakfast<\/h3>\n\n\t\t<\/div>\n\n\t\t\n<style>\n#section_862549411 {\n  padding-top: 30px;\n  padding-bottom: 30px;\n  min-height: 200px;\n}\n#section_862549411 .section-bg.bg-loaded {\n  background-image: url(https:\/\/www.hotelduprintemps.fr\/wp-content\/uploads\/2021\/12\/4.jpg);\n}\n<\/style>\n\t<\/section>\n\t\n<div class=\"row align-middle\"  id=\"row-2138669110\">\n\n\n\t<div id=\"col-1811080336\" class=\"col medium-6 small-12 large-6\"  >\n\t\t\t\t<div class=\"col-inner\"  >\n\t\t\t\n\t\t\t\n\n<div class=\"slider-wrapper relative\" id=\"slider-1932567629\" >\n    <div class=\"slider slider-nav-circle slider-nav-large slider-nav-light slider-style-normal\"\n        data-flickity-options='{\n            \"cellAlign\": \"center\",\n            \"imagesLoaded\": true,\n            \"lazyLoad\": 1,\n            \"freeScroll\": false,\n            \"wrapAround\": true,\n            \"autoPlay\": 6000,\n            \"pauseAutoPlayOnHover\" : true,\n            \"prevNextButtons\": true,\n            \"contain\" : true,\n            \"adaptiveHeight\" : true,\n            \"dragThreshold\" : 10,\n            \"percentPosition\": true,\n            \"pageDots\": true,\n            \"rightToLeft\": false,\n            \"draggable\": true,\n            \"selectedAttraction\": 0.1,\n            \"parallax\" : 0,\n            \"friction\": 0.6        }'\n        >\n        \n\n\t<div class=\"img has-hover x md-x lg-x y md-y lg-y\" id=\"image_1983267529\">\n\t\t<a class=\"image-lightbox lightbox-gallery\" title=\"\" href=\"https:\/\/www.hotelduprintemps.fr\/wp-content\/uploads\/2021\/12\/hotel-du-printemps-salle-dejeuner-1024x683.jpg\">\t\t\t\t\t\t<div class=\"img-inner dark\" >\n\t\t\t<img decoding=\"async\" width=\"1020\" height=\"680\" src=\"https:\/\/www.hotelduprintemps.fr\/wp-content\/uploads\/2021\/12\/hotel-du-printemps-salle-dejeuner-1024x683.jpg\" class=\"attachment-large size-large\" alt=\"Salle petit-d\u00e9jeuner H\u00f4tel du Printemps Paris\" srcset=\"https:\/\/www.hotelduprintemps.fr\/wp-content\/uploads\/2021\/12\/hotel-du-printemps-salle-dejeuner-1024x683.jpg 1024w, https:\/\/www.hotelduprintemps.fr\/wp-content\/uploads\/2021\/12\/hotel-du-printemps-salle-dejeuner-300x200.jpg 300w, https:\/\/www.hotelduprintemps.fr\/wp-content\/uploads\/2021\/12\/hotel-du-printemps-salle-dejeuner-768x512.jpg 768w, https:\/\/www.hotelduprintemps.fr\/wp-content\/uploads\/2021\/12\/hotel-du-printemps-salle-dejeuner.jpg 1500w\" sizes=\"(max-width: 1020px) 100vw, 1020px\" \/>\t\t\t\t\t\t\n\t\t\t\t\t<\/div>\n\t\t\t\t\t\t<\/a>\t\t\n<style>\n#image_1983267529 {\n  width: 100%;\n}\n<\/style>\n\t<\/div>\n\t\n\n\t<div class=\"img has-hover x md-x lg-x y md-y lg-y\" id=\"image_1493141273\">\n\t\t\t\t\t\t\t\t<div class=\"img-inner dark\" >\n\t\t\t<img decoding=\"async\" width=\"1020\" height=\"680\" src=\"https:\/\/www.hotelduprintemps.fr\/wp-content\/uploads\/2021\/12\/4-1024x683.jpg\" class=\"attachment-large size-large\" alt=\"\" srcset=\"https:\/\/www.hotelduprintemps.fr\/wp-content\/uploads\/2021\/12\/4-1024x683.jpg 1024w, https:\/\/www.hotelduprintemps.fr\/wp-content\/uploads\/2021\/12\/4-300x200.jpg 300w, https:\/\/www.hotelduprintemps.fr\/wp-content\/uploads\/2021\/12\/4-768x512.jpg 768w, https:\/\/www.hotelduprintemps.fr\/wp-content\/uploads\/2021\/12\/4.jpg 1200w\" sizes=\"(max-width: 1020px) 100vw, 1020px\" \/>\t\t\t\t\t\t\n\t\t\t\t\t<\/div>\n\t\t\t\t\t\t\t\t\n<style>\n#image_1493141273 {\n  width: 100%;\n}\n<\/style>\n\t<\/div>\n\t\n\n\n     <\/div>\n\n     <div class=\"loading-spin dark large centered\"><\/div>\n\n     \t<\/div>\n\n\n\n\t\t<\/div>\n\t\t\t\t\t<\/div>\n\n\t\n\n\t<div id=\"col-1217576354\" class=\"col medium-6 small-12 large-6\"  >\n\t\t\t\t<div class=\"col-inner\"  >\n\t\t\t\n\t\t\t\n\n<h3 style=\"text-align: center;\">Continental breakfast<\/h3>\n<p>The Hotel du Printemps offers you a continental breakfast to be enjoyed in our breakfast room at the price of 9 euros.<\/p>\n\n\t\t<\/div>\n\t\t\t\t\t<\/div>\n\n\t\n\n<\/div>\n\n","protected":false},"excerpt":{"rendered":"","protected":false},"author":1,"featured_media":0,"parent":0,"menu_order":0,"comment_status":"closed","ping_status":"closed","template":"page-blank.php","meta":{"footnotes":""},"class_list":["post-338","page","type-page","status-publish","hentry"],"yoast_head":"<!-- This site is optimized with the Yoast SEO plugin v19.9 - https:\/\/yoast.com\/wordpress\/plugins\/seo\/ -->\n<title>THE ROOMS - Hotel du Printemps Paris Opera Saint Lazare<\/title>\n<meta name=\"description\" content=\"Rooms at the Hotel du Printemps Paris *** - Opera Saint Lazare\" \/>\n<meta name=\"robots\" content=\"index, follow, max-snippet:-1, max-image-preview:large, max-video-preview:-1\" \/>\n<link rel=\"canonical\" href=\"https:\/\/www.hotelduprintemps.fr\/en\/rooms\/\" \/>\n<meta property=\"og:locale\" content=\"en_US\" \/>\n<meta property=\"og:type\" content=\"article\" \/>\n<meta property=\"og:title\" content=\"THE ROOMS - Hotel du Printemps Paris Opera Saint Lazare\" \/>\n<meta property=\"og:description\" content=\"Rooms at the Hotel du Printemps Paris *** - Opera Saint Lazare\" \/>\n<meta property=\"og:url\" content=\"https:\/\/www.hotelduprintemps.fr\/en\/rooms\/\" \/>\n<meta property=\"og:site_name\" content=\"H\u00f4tel du Printemps\" \/>\n<meta property=\"article:modified_time\" content=\"2022-09-16T15:25:30+00:00\" \/>\n<meta name=\"twitter:card\" content=\"summary_large_image\" \/>\n<meta name=\"twitter:label1\" content=\"Est. reading time\" \/>\n\t<meta name=\"twitter:data1\" content=\"1 minute\" \/>\n<script type=\"application\/ld+json\" class=\"yoast-schema-graph\">{\"@context\":\"https:\/\/schema.org\",\"@graph\":[{\"@type\":\"WebPage\",\"@id\":\"https:\/\/www.hotelduprintemps.fr\/en\/rooms\/\",\"url\":\"https:\/\/www.hotelduprintemps.fr\/en\/rooms\/\",\"name\":\"THE ROOMS - Hotel du Printemps Paris Opera Saint Lazare\",\"isPartOf\":{\"@id\":\"https:\/\/www.hotelduprintemps.fr\/#website\"},\"datePublished\":\"2022-02-03T13:38:58+00:00\",\"dateModified\":\"2022-09-16T15:25:30+00:00\",\"description\":\"Rooms at the Hotel du Printemps Paris *** - Opera Saint Lazare\",\"breadcrumb\":{\"@id\":\"https:\/\/www.hotelduprintemps.fr\/en\/rooms\/#breadcrumb\"},\"inLanguage\":\"en-US\",\"potentialAction\":[{\"@type\":\"ReadAction\",\"target\":[\"https:\/\/www.hotelduprintemps.fr\/en\/rooms\/\"]}]},{\"@type\":\"BreadcrumbList\",\"@id\":\"https:\/\/www.hotelduprintemps.fr\/en\/rooms\/#breadcrumb\",\"itemListElement\":[{\"@type\":\"ListItem\",\"position\":1,\"name\":\"Accueil\",\"item\":\"https:\/\/www.hotelduprintemps.fr\/en\/\"},{\"@type\":\"ListItem\",\"position\":2,\"name\":\"chambres\"}]},{\"@type\":\"WebSite\",\"@id\":\"https:\/\/www.hotelduprintemps.fr\/#website\",\"url\":\"https:\/\/www.hotelduprintemps.fr\/\",\"name\":\"H\u00f4tel du Printemps\",\"description\":\"H\u00f4tel 3 \u00e9toiles de charme au coeur de Paris\",\"potentialAction\":[{\"@type\":\"SearchAction\",\"target\":{\"@type\":\"EntryPoint\",\"urlTemplate\":\"https:\/\/www.hotelduprintemps.fr\/?s={search_term_string}\"},\"query-input\":\"required name=search_term_string\"}],\"inLanguage\":\"en-US\"}]}<\/script>\n<!-- \/ Yoast SEO plugin. -->","yoast_head_json":{"title":"THE ROOMS - Hotel du Printemps Paris Opera Saint Lazare","description":"Rooms at the Hotel du Printemps Paris *** - Opera Saint Lazare","robots":{"index":"index","follow":"follow","max-snippet":"max-snippet:-1","max-image-preview":"max-image-preview:large","max-video-preview":"max-video-preview:-1"},"canonical":"https:\/\/www.hotelduprintemps.fr\/en\/rooms\/","og_locale":"en_US","og_type":"article","og_title":"THE ROOMS - Hotel du Printemps Paris Opera Saint Lazare","og_description":"Rooms at the Hotel du Printemps Paris *** - Opera Saint Lazare","og_url":"https:\/\/www.hotelduprintemps.fr\/en\/rooms\/","og_site_name":"H\u00f4tel du Printemps","article_modified_time":"2022-09-16T15:25:30+00:00","twitter_card":"summary_large_image","twitter_misc":{"Est. reading time":"1 minute"},"schema":{"@context":"https:\/\/schema.org","@graph":[{"@type":"WebPage","@id":"https:\/\/www.hotelduprintemps.fr\/en\/rooms\/","url":"https:\/\/www.hotelduprintemps.fr\/en\/rooms\/","name":"THE ROOMS - Hotel du Printemps Paris Opera Saint Lazare","isPartOf":{"@id":"https:\/\/www.hotelduprintemps.fr\/#website"},"datePublished":"2022-02-03T13:38:58+00:00","dateModified":"2022-09-16T15:25:30+00:00","description":"Rooms at the Hotel du Printemps Paris *** - Opera Saint Lazare","breadcrumb":{"@id":"https:\/\/www.hotelduprintemps.fr\/en\/rooms\/#breadcrumb"},"inLanguage":"en-US","potentialAction":[{"@type":"ReadAction","target":["https:\/\/www.hotelduprintemps.fr\/en\/rooms\/"]}]},{"@type":"BreadcrumbList","@id":"https:\/\/www.hotelduprintemps.fr\/en\/rooms\/#breadcrumb","itemListElement":[{"@type":"ListItem","position":1,"name":"Accueil","item":"https:\/\/www.hotelduprintemps.fr\/en\/"},{"@type":"ListItem","position":2,"name":"chambres"}]},{"@type":"WebSite","@id":"https:\/\/www.hotelduprintemps.fr\/#website","url":"https:\/\/www.hotelduprintemps.fr\/","name":"H\u00f4tel du Printemps","description":"H\u00f4tel 3 \u00e9toiles de charme au coeur de Paris","potentialAction":[{"@type":"SearchAction","target":{"@type":"EntryPoint","urlTemplate":"https:\/\/www.hotelduprintemps.fr\/?s={search_term_string}"},"query-input":"required name=search_term_string"}],"inLanguage":"en-US"}]}},"_links":{"self":[{"href":"https:\/\/www.hotelduprintemps.fr\/en\/wp-json\/wp\/v2\/pages\/338","targetHints":{"allow":["GET"]}}],"collection":[{"href":"https:\/\/www.hotelduprintemps.fr\/en\/wp-json\/wp\/v2\/pages"}],"about":[{"href":"https:\/\/www.hotelduprintemps.fr\/en\/wp-json\/wp\/v2\/types\/page"}],"author":[{"embeddable":true,"href":"https:\/\/www.hotelduprintemps.fr\/en\/wp-json\/wp\/v2\/users\/1"}],"replies":[{"embeddable":true,"href":"https:\/\/www.hotelduprintemps.fr\/en\/wp-json\/wp\/v2\/comments?post=338"}],"version-history":[{"count":6,"href":"https:\/\/www.hotelduprintemps.fr\/en\/wp-json\/wp\/v2\/pages\/338\/revisions"}],"predecessor-version":[{"id":486,"href":"https:\/\/www.hotelduprintemps.fr\/en\/wp-json\/wp\/v2\/pages\/338\/revisions\/486"}],"wp:attachment":[{"href":"https:\/\/www.hotelduprintemps.fr\/en\/wp-json\/wp\/v2\/media?parent=338"}],"curies":[{"name":"wp","href":"https:\/\/api.w.org\/{rel}","templated":true}]}}